{"id":5439,"date":"2023-07-14T11:23:56","date_gmt":"2023-07-14T14:23:56","guid":{"rendered":"https:\/\/estrelavelha.rs.gov.br\/portal\/?page_id=5439"},"modified":"2026-04-28T10:38:14","modified_gmt":"2026-04-28T13:38:14","slug":"planejamento-de-servicos-da-saude","status":"publish","type":"page","link":"https:\/\/estrelavelha.rs.gov.br\/portal\/planejamento-de-servicos-da-saude\/","title":{"rendered":"Planejamento de Servi\u00e7os da Sa\u00fade"},"content":{"rendered":"\t\t<div data-elementor-type=\"wp-page\" data-elementor-id=\"5439\" class=\"elementor elementor-5439\">\n\t\t\t\t\t\t\t\t\t<section class=\"elementor-section elementor-top-section elementor-element elementor-element-515936d elementor-section-boxed elementor-section-height-default elementor-section-height-default\" data-id=\"515936d\" data-element_type=\"section\">\n\t\t\t\t\t\t<div class=\"elementor-container elementor-column-gap-default\">\n\t\t\t\t\t<div class=\"elementor-column elementor-col-100 elementor-top-column elementor-element elementor-element-f0227ee\" data-id=\"f0227ee\" data-element_type=\"column\">\n\t\t\t<div class=\"elementor-widget-wrap elementor-element-populated\">\n\t\t\t\t\t\t\t\t<div class=\"elementor-element elementor-element-b53d2fc elementor-widget elementor-widget-toggle\" data-id=\"b53d2fc\" data-element_type=\"widget\" data-widget_type=\"toggle.default\">\n\t\t\t\t<div class=\"elementor-widget-container\">\n\t\t\t<style>\/*! elementor - v3.14.0 - 26-06-2023 *\/\n.elementor-toggle{text-align:left}.elementor-toggle .elementor-tab-title{font-weight:700;line-height:1;margin:0;padding:15px;border-bottom:1px solid #d5d8dc;cursor:pointer;outline:none}.elementor-toggle .elementor-tab-title .elementor-toggle-icon{display:inline-block;width:1em}.elementor-toggle .elementor-tab-title .elementor-toggle-icon svg{-webkit-margin-start:-5px;margin-inline-start:-5px;width:1em;height:1em}.elementor-toggle .elementor-tab-title .elementor-toggle-icon.elementor-toggle-icon-right{float:right;text-align:right}.elementor-toggle .elementor-tab-title .elementor-toggle-icon.elementor-toggle-icon-left{float:left;text-align:left}.elementor-toggle .elementor-tab-title .elementor-toggle-icon .elementor-toggle-icon-closed{display:block}.elementor-toggle .elementor-tab-title .elementor-toggle-icon .elementor-toggle-icon-opened{display:none}.elementor-toggle .elementor-tab-title.elementor-active{border-bottom:none}.elementor-toggle .elementor-tab-title.elementor-active .elementor-toggle-icon-closed{display:none}.elementor-toggle .elementor-tab-title.elementor-active .elementor-toggle-icon-opened{display:block}.elementor-toggle .elementor-tab-content{padding:15px;border-bottom:1px solid #d5d8dc;display:none}@media (max-width:767px){.elementor-toggle .elementor-tab-title{padding:12px}.elementor-toggle .elementor-tab-content{padding:12px 10px}}.e-con-inner>.elementor-widget-toggle,.e-con>.elementor-widget-toggle{width:var(--container-widget-width);--flex-grow:var(--container-widget-flex-grow)}<\/style>\t\t<div class=\"elementor-toggle\">\n\t\t\t\t\t\t\t<div class=\"elementor-toggle-item\">\n\t\t\t\t\t<div id=\"elementor-tab-title-1901\" class=\"elementor-tab-title\" data-tab=\"1\" role=\"button\" aria-controls=\"elementor-tab-content-1901\" aria-expanded=\"false\">\n\t\t\t\t\t\t\t\t\t\t\t\t<span class=\"elementor-toggle-icon elementor-toggle-icon-left\" aria-hidden=\"true\">\n\t\t\t\t\t\t\t\t\t\t\t\t\t\t\t<span class=\"elementor-toggle-icon-closed\"><i class=\"fas fa-caret-right\"><\/i><\/span>\n\t\t\t\t\t\t\t\t<span class=\"elementor-toggle-icon-opened\"><i class=\"elementor-toggle-icon-opened fas fa-caret-up\"><\/i><\/span>\n\t\t\t\t\t\t\t\t\t\t\t\t\t<\/span>\n\t\t\t\t\t\t\t\t\t\t\t\t<a class=\"elementor-toggle-title\" tabindex=\"0\">PLANEJAMENTO E RELAT\u00d3RIO DE GEST\u00c3O EM SA\u00daDE<\/a>\n\t\t\t\t\t<\/div>\n\n\t\t\t\t\t<div id=\"elementor-tab-content-1901\" class=\"elementor-tab-content elementor-clearfix\" data-tab=\"1\" role=\"region\" aria-labelledby=\"elementor-tab-title-1901\"><ul><li><a href=\"https:\/\/estrelavelha.rs.gov.br\/portal\/wp-content\/uploads\/2023\/07\/Plano-Municipal-de-Saude-2022-2025-2-1.pdf\">Plano Municipal de Sa\u00fade.<\/a><\/li><li><a href=\"https:\/\/estrelavelha.rs.gov.br\/portal\/wp-content\/uploads\/2023\/07\/Relatorio-Anual.pdf\">Relat\u00f3rio Anual de Gest\u00e3o &#8211; RAG<\/a><\/li><li><a href=\"https:\/\/estrelavelha.rs.gov.br\/portal\/wp-content\/uploads\/2023\/07\/Programacao-anual.pdf\">Programa\u00e7\u00e3o Anual de Sa\u00fade 2022 &#8211; 2025\u00a0<\/a><\/li><\/ul><\/div>\n\t\t\t\t<\/div>\n\t\t\t\t\t\t\t<div class=\"elementor-toggle-item\">\n\t\t\t\t\t<div id=\"elementor-tab-title-1902\" class=\"elementor-tab-title\" data-tab=\"2\" role=\"button\" aria-controls=\"elementor-tab-content-1902\" aria-expanded=\"false\">\n\t\t\t\t\t\t\t\t\t\t\t\t<span class=\"elementor-toggle-icon elementor-toggle-icon-left\" aria-hidden=\"true\">\n\t\t\t\t\t\t\t\t\t\t\t\t\t\t\t<span class=\"elementor-toggle-icon-closed\"><i class=\"fas fa-caret-right\"><\/i><\/span>\n\t\t\t\t\t\t\t\t<span class=\"elementor-toggle-icon-opened\"><i class=\"elementor-toggle-icon-opened fas fa-caret-up\"><\/i><\/span>\n\t\t\t\t\t\t\t\t\t\t\t\t\t<\/span>\n\t\t\t\t\t\t\t\t\t\t\t\t<a class=\"elementor-toggle-title\" tabindex=\"0\">ATRIBUI\u00c7\u00d5ES DA SECRETARIA DA SA\u00daDE<\/a>\n\t\t\t\t\t<\/div>\n\n\t\t\t\t\t<div id=\"elementor-tab-content-1902\" class=\"elementor-tab-content elementor-clearfix\" data-tab=\"2\" role=\"region\" aria-labelledby=\"elementor-tab-title-1902\"><p><strong>Atribui\u00e7\u00f5es:<br \/><\/strong>A Secretaria Municipal de Sa\u00fade \u00e9 \u00f3rg\u00e3o de planejamento, coordena\u00e7\u00e3o, execu\u00e7\u00e3o, controle e avalia\u00e7\u00e3o de atividades do Munic\u00edpio, relacionadas a sa\u00fade, competindo-lhe:<\/p><p>* Planejar, programar, elaborar e executar a pol\u00edtica de sa\u00fade do munic\u00edpio, conforme as diretrizes do SUS, no desenvolvimento de a\u00e7\u00f5es de promo\u00e7\u00e3o, prote\u00e7\u00e3o e recupera\u00e7\u00e3o da sa\u00fade da popula\u00e7\u00e3o;<br \/>* Estabelecer diretrizes e promover o desenvolvimento da pol\u00edtica municipal de sa\u00fade, por meio da formula\u00e7\u00e3o, execu\u00e7\u00e3o e acompanhamento do Plano Municipal de Sa\u00fade, de acordo com que estabelece a Lei Federal n\u00b0 8.080, de 19 de setembro de 1990;<br \/>* Executar a pol\u00edtica de sa\u00fade do munic\u00edpio com a\u00e7\u00f5es que visam garantir a preven\u00e7\u00e3o de doen\u00e7as, prote\u00e7\u00e3o e promo\u00e7\u00e3o da sa\u00fade da popula\u00e7\u00e3o;<br \/>* Atender de forma integral, universal e equ\u00e2nime, garantindo acesso da popula\u00e7\u00e3o a todos os n\u00edveis de servi\u00e7os, contemplando a\u00e7\u00f5es de promo\u00e7\u00e3o, prote\u00e7\u00e3o e recupera\u00e7\u00e3o da sa\u00fade;<br \/>* Definir o perfil demogr\u00e1fico e epidemiol\u00f3gico da popula\u00e7\u00e3o do munic\u00edpio, visando orientar a implanta\u00e7\u00e3o e implementa\u00e7\u00e3o dos servi\u00e7os de sa\u00fade;<br \/>* Garantir o que estabelece a Lei Federal n\u00ba. 8.142\/90 no que concerne ao pleno exerc\u00edcio do controle social pela popula\u00e7\u00e3o;<br \/>* Realizar as Confer\u00eancias Municipais de Sa\u00fade;<br \/>* Promover a vigil\u00e2ncia \u00e0 sa\u00fade, implantando e implementando a\u00e7\u00f5es e programas de vigil\u00e2ncia ambiental, epidemiol\u00f3gica e sanit\u00e1ria;<br \/>* Promover, no \u00e2mbito do munic\u00edpio, a fiscaliza\u00e7\u00e3o e o controle das condi\u00e7\u00f5es sanit\u00e1rias, de higiene, alimentos e medicamentos;<br \/>* Prestar servi\u00e7os ambulatoriais de aten\u00e7\u00e3o b\u00e1sica no n\u00edvel de compet\u00eancia do munic\u00edpio;<br \/>* Promover campanhas educativas e de preven\u00e7\u00e3o de doen\u00e7as e visando o bem estar da popula\u00e7\u00e3o;<br \/>* Desenvolver a\u00e7\u00f5es intersetoriais \u00a0para o desenvolvimento de programas conjuntos de promo\u00e7\u00e3o da sa\u00fade;<br \/>* Realizar projetos para capta\u00e7\u00e3o de recursos financeiros \u00a0junto aos entes federais e estaduais ;<br \/>* Desenvolver e implantar projetos e programas que sejam estrat\u00e9gicos para o SUS municipal;<br \/>* Promover e desenvolver, no munic\u00edpio, as a\u00e7\u00f5es concernentes \u00e0 aten\u00e7\u00e3o b\u00e1sica de acordo com as formula\u00e7\u00f5es emanadas pelos governos Federal, Estadual e Municipal;<br \/>* Capacitar e aperfei\u00e7oar os recursos humanos na \u00e1rea da sa\u00fade p\u00fablicas;<br \/>* Executar, no \u00e2mbito municipal, a pol\u00edtica de insumos e equipamentos para atender os servi\u00e7os de sa\u00fade;<\/p><ul><li>Administrar as Unidades em sa\u00fade sob responsabilidade do Munic\u00edpio;<\/li><li>Planejar, programar, executar e controlar o or\u00e7amento da Secretaria;<\/li><li>Executar outras tarefas afins.<\/li><\/ul><\/div>\n\t\t\t\t<\/div>\n\t\t\t\t\t\t\t<div class=\"elementor-toggle-item\">\n\t\t\t\t\t<div id=\"elementor-tab-title-1903\" class=\"elementor-tab-title\" data-tab=\"3\" role=\"button\" aria-controls=\"elementor-tab-content-1903\" aria-expanded=\"false\">\n\t\t\t\t\t\t\t\t\t\t\t\t<span class=\"elementor-toggle-icon elementor-toggle-icon-left\" aria-hidden=\"true\">\n\t\t\t\t\t\t\t\t\t\t\t\t\t\t\t<span class=\"elementor-toggle-icon-closed\"><i class=\"fas fa-caret-right\"><\/i><\/span>\n\t\t\t\t\t\t\t\t<span class=\"elementor-toggle-icon-opened\"><i class=\"elementor-toggle-icon-opened fas fa-caret-up\"><\/i><\/span>\n\t\t\t\t\t\t\t\t\t\t\t\t\t<\/span>\n\t\t\t\t\t\t\t\t\t\t\t\t<a class=\"elementor-toggle-title\" tabindex=\"0\">MEDICAMENTOS SUS<\/a>\n\t\t\t\t\t<\/div>\n\n\t\t\t\t\t<div id=\"elementor-tab-content-1903\" class=\"elementor-tab-content elementor-clearfix\" data-tab=\"3\" role=\"region\" aria-labelledby=\"elementor-tab-title-1903\"><div><span style=\"font-family: Arial, Verdana;\">Os medicamentos fornecidos pelos SUS seguem a listagem b\u00e1sica da RENAME \u2013 Rela\u00e7\u00e3o Nacional de Medicamentos \u2013 de onde forma-se a listagem b\u00e1sica <a href=\"https:\/\/estrelavelha.rs.gov.br\/portal\/wp-content\/uploads\/2026\/04\/Portaria376-2025AtualizacaoREMUME.pdf\">REMUME \u2013 Rela\u00e7\u00e3o Municipal de Medicamentos<\/a>. Podem ser identificados a seguir quanto aqueles em estoque e em falta na Farm\u00e1cia Municipal.<\/span><\/div><div><span style=\"font-family: Arial, Verdana;\">\u00a0<\/span><\/div><div><span style=\"font-family: Arial, Verdana;\">No que se refere aos medicamentos de alto custo, n\u00e3o s\u00e3o de compet\u00eancia Municipal. Os usu\u00e1rios SUS s\u00e3o orientados na Farm\u00e1cia Municipal a buscar estes medicamentos junto ao Estado entregando os documentos que precisam ser preenchidos e como fazer o encaminhamento.<\/span><\/div><div>\u00a0<\/div><\/div>\n\t\t\t\t<\/div>\n\t\t\t\t\t\t\t\t<\/div>\n\t\t\t\t<\/div>\n\t\t\t\t<\/div>\n\t\t\t\t\t<\/div>\n\t\t<\/div>\n\t\t\t\t\t\t\t<\/div>\n\t\t<\/section>\n\t\t\t\t\t\t\t<\/div>\n\t\t","protected":false},"excerpt":{"rendered":"<p>PLANEJAMENTO E RELAT\u00d3RIO DE GEST\u00c3O EM SA\u00daDE Plano Municipal de Sa\u00fade. Relat\u00f3rio Anual de Gest\u00e3o &#8211; RAG Programa\u00e7\u00e3o Anual de Sa\u00fade 2022 &#8211; 2025\u00a0 ATRIBUI\u00c7\u00d5ES DA<span class=\"excerpt-hellip\"> [\u2026]<\/span><\/p>\n","protected":false},"author":4,"featured_media":0,"parent":0,"menu_order":0,"comment_status":"closed","ping_status":"closed","template":"","meta":[],"_links":{"self":[{"href":"https:\/\/estrelavelha.rs.gov.br\/portal\/wp-json\/wp\/v2\/pages\/5439"}],"collection":[{"href":"https:\/\/estrelavelha.rs.gov.br\/portal\/wp-json\/wp\/v2\/pages"}],"about":[{"href":"https:\/\/estrelavelha.rs.gov.br\/portal\/wp-json\/wp\/v2\/types\/page"}],"author":[{"embeddable":true,"href":"https:\/\/estrelavelha.rs.gov.br\/portal\/wp-json\/wp\/v2\/users\/4"}],"replies":[{"embeddable":true,"href":"https:\/\/estrelavelha.rs.gov.br\/portal\/wp-json\/wp\/v2\/comments?post=5439"}],"version-history":[{"count":34,"href":"https:\/\/estrelavelha.rs.gov.br\/portal\/wp-json\/wp\/v2\/pages\/5439\/revisions"}],"predecessor-version":[{"id":7245,"href":"https:\/\/estrelavelha.rs.gov.br\/portal\/wp-json\/wp\/v2\/pages\/5439\/revisions\/7245"}],"wp:attachment":[{"href":"https:\/\/estrelavelha.rs.gov.br\/portal\/wp-json\/wp\/v2\/media?parent=5439"}],"curies":[{"name":"wp","href":"https:\/\/api.w.org\/{rel}","templated":true}]}}